{"id":13624,"date":"2026-08-10T14:03:54","date_gmt":"2026-08-10T14:03:54","guid":{"rendered":"https:\/\/mediumterm.ch\/listing\/76-the-lake-house-luna\/"},"modified":"2026-09-01T01:03:41","modified_gmt":"2026-09-01T01:03:41","slug":"76-the-lake-house-luna","status":"publish","type":"listing","link":"https:\/\/mediumterm.ch\/de\/listing\/76-the-lake-house-luna\/","title":{"rendered":"76 The Lake House Luna"},"content":{"rendered":"<p>Genie\u00dfen Sie den Panoramablick auf den Luganersee von diesem luftigen Apartment f\u00fcr 6 Personen. S\u00fcdlich der charmanten Stadt Melide gelegen, ist das Apartment im ersten Stock ein wunderbarer Urlaubsr\u00fcckzugsort f\u00fcr Freunde und Familie, die diese wundersch\u00f6ne Gegend entspannt erkunden m\u00f6chten.<\/p>\n<p>Das stilvolle, moderne Apartment ist dank der gro\u00dfen Fenster, die den Panoramablick auf den See und die Berge nach drinnen holen, luftig und hell. Das elegante, offene Wohnzimmer ist mit einem Sofa, einem Flachbildfernseher und einem Esstisch ausgestattet. Die elegante K\u00fcche befindet sich im hinteren Teil des Raumes und ist mit einem Induktionskochfeld, einem Backofen, einem Geschirrsp\u00fcler, einer K\u00fchl-Gefrierkombination, einem Toaster und einer Nespresso-Kaffeemaschine ausgestattet.<\/p>\n<p>Glast\u00fcren f\u00fchren auf den privaten Balkon, der mit einem Tisch im Caf\u00e9-Stil und St\u00fchlen m\u00f6bliert ist. Hier k\u00f6nnen die G\u00e4ste ihre atemberaubende Umgebung genie\u00dfen: den glitzernden blauen See und die unber\u00fchrten Berge auf der anderen Seite.<\/p>\n<p>G\u00e4ste haben Zugang zu einem gemeinschaftlichen Garten am Seeufer. Dort finden sie Sonnenliegen sowie Tische und St\u00fchle f\u00fcr Mahlzeiten im Freien.<\/p>\n<p>Schlafen<br \/>\nSchlafzimmer 1: Das helle Hauptschlafzimmer verf\u00fcgt \u00fcber ein Doppelbett, reichlich Kleiderschrank und franz\u00f6sische Fenster, die sich zum privaten Balkon mit Blick auf den See \u00f6ffnen.<br \/>\nSchlafzimmer 2: Dieses gem\u00fctliche Schlafzimmer ist mit zwei Einzelbetten, einem laptopfreundlichen Arbeitsbereich und einem Kleiderschrank ausgestattet.<br \/>\nExtra: Das Sofa im Wohnzimmer l\u00e4sst sich in ein bequemes Doppelbett umwandeln.<\/p>\n<p>Badezimmer<br \/>\nDas geflieste, moderne Badezimmer verf\u00fcgt \u00fcber eine Glasdusche, ein Waschbecken, ein Bidet und ein WC.<\/p>\n<p>Zus\u00e4tzlich<br \/>\n\u2022 Kostenloses WLAN \u2022 Gemeinsamer Garten \u2022 Au\u00dfenbereich zum Essen (gemeinschaftlich) \u2022 Aufzug \u2022 Klimaanlage \u2022 Zentralheizung \u2022 Smart-TV \u2022 Waschmaschine (gemeinschaftlich) \u2022 Laptop-freundlicher Arbeitsplatz \u2022 Haartrockner \u2022 Privatparkplatz f\u00fcr 1 Auto, ein Auto wird empfohlen \u2022 Haustiere erlaubt \u2022 Check-in ab 16:00 Uhr, Check-out vor 10:00 Uhr \u2022 500 \u20ac Kaution f\u00fcr Gruppen unter 21 Jahren.<\/p>\n<p>Standort<br \/>\nDie Wohnung liegt gegen\u00fcber dem Ufer des Luganersees, nur 2 Fahrminuten vom Zentrum von Melide entfernt. Die Stadt liegt in einer spektakul\u00e4ren Umgebung, am Fu\u00df steiler, bewaldeter H\u00fcgel und am Ende eines Dammes \u00fcber den Luganersee. Hier finden G\u00e4ste einen Supermarkt und andere Annehmlichkeiten sowie Str\u00e4nde zum Schwimmen im See und Promenaden am Seeufer. Sie ist vor allem f\u00fcr Swissminiatur bekannt, ein Modelldorf mit allen ber\u00fchmten Sehensw\u00fcrdigkeiten der Schweiz. Es ist ein toller Tagesausflug f\u00fcr die ganze Familie.<\/p>\n<p>Die Piazza della Riforma ist das Herz von Lugano (13 Autominuten entfernt) und der ideale Ort f\u00fcr einen Aperitif oder Espresso, w\u00e4hrend man das Treiben beobachtet. Die Stadt Lugano ist bekannt f\u00fcr ihr reiches kulturelles Erbe. Sie beherbergt zahlreiche Museen und Galerien. Eines der beliebtesten ist das MASI (Museum f\u00fcr Kunst der italienischen Schweiz) (11 Autominuten entfernt), in dem regelm\u00e4\u00dfig Ausstellungen zeitgen\u00f6ssischer Kunst stattfinden.  <\/p>\n<p>Der Parco San Grato (16 Autominuten entfernt), hoch oben in den H\u00fcgeln, bietet Besuchern die M\u00f6glichkeit, in die Natur einzutauchen, mit wundersch\u00f6nen Themenwanderungen und atemberaubenden Aussichten \u00fcber den See. Es gibt viel f\u00fcr Kinder zu tun, darunter handgefertigte Schaukeln, einen Spielplatz und spezielle Sternenbeobachtungsabende.<\/p>\n<p>Die n\u00e4chstgelegenen internationalen Flugh\u00e4fen befinden sich in Italien \u2013 Mailand-Malpensa, 50 Autominuten entfernt, oder Mailand-Linate, eine 1 Stunde und 10 Minuten entfernt.<\/p>","protected":false},"excerpt":{"rendered":"<p>Soak up the panoramic views of Lake Lugano, from this airy apartment for 6. To the south of the charming town of Melide, the first-floor apartment makes a wonderful holiday retreat for friends and family who want to relax and explore this beautiful area. The stylish, contemporary apartment is airy and bright thanks to the [&hellip;]<\/p>\n","protected":false},"author":30,"featured_media":14528,"parent":0,"menu_order":0,"template":"","listing_type":[62],"room_type":[254],"amenities":[1172,1195,1192,1148,1183,1182,1179,1205,1186,1150,1196,1165,1188,1152,1143,1190,1147],"facilities":[1101,1126,1103,1106],"listing_countries":[1024],"listing_states":[1070],"listing_cities":[1054],"listing_areas":[],"class_list":["post-13624","listing","type-listing","status-publish","has-post-thumbnail","hentry","listing_type-apartment","room_type-entire-place","listing_amenity-air-conditioning","listing_amenity-coffee-machine","listing_amenity-dishwasher","listing_amenity-free-wifi","listing_amenity-freezer","listing_amenity-fridge","listing_amenity-full-kitchen","listing_amenity-hair-dryer","listing_amenity-induction-hob","listing_amenity-laptop-friendly-workspace","listing_amenity-nespresso-machine","listing_amenity-outdoor-table-chairs","listing_amenity-oven","listing_amenity-smart-tv","listing_amenity-smoking-not-permitted","listing_amenity-toaster","listing_amenity-wifi","listing_facility-elevator","listing_facility-lake-view","listing_facility-private-parking-space","listing_facility-shared-garden","listing_country-switzerland","listing_state-ticino","listing_city-melide"],"_links":{"self":[{"href":"https:\/\/mediumterm.ch\/de\/wp-json\/wp\/v2\/listings\/13624","targetHints":{"allow":["GET"]}}],"collection":[{"href":"https:\/\/mediumterm.ch\/de\/wp-json\/wp\/v2\/listings"}],"about":[{"href":"https:\/\/mediumterm.ch\/de\/wp-json\/wp\/v2\/types\/listing"}],"author":[{"embeddable":true,"href":"https:\/\/mediumterm.ch\/de\/wp-json\/wp\/v2\/users\/30"}],"version-history":[{"count":1,"href":"https:\/\/mediumterm.ch\/de\/wp-json\/wp\/v2\/listings\/13624\/revisions"}],"predecessor-version":[{"id":13668,"href":"https:\/\/mediumterm.ch\/de\/wp-json\/wp\/v2\/listings\/13624\/revisions\/13668"}],"wp:featuredmedia":[{"embeddable":true,"href":"https:\/\/mediumterm.ch\/de\/wp-json\/wp\/v2\/media\/14528"}],"wp:attachment":[{"href":"https:\/\/mediumterm.ch\/de\/wp-json\/wp\/v2\/media?parent=13624"}],"wp:term":[{"taxonomy":"listing_type","embeddable":true,"href":"https:\/\/mediumterm.ch\/de\/wp-json\/wp\/v2\/listing_type?post=13624"},{"taxonomy":"room_type","embeddable":true,"href":"https:\/\/mediumterm.ch\/de\/wp-json\/wp\/v2\/room_type?post=13624"},{"taxonomy":"listing_amenity","embeddable":true,"href":"https:\/\/mediumterm.ch\/de\/wp-json\/wp\/v2\/amenities?post=13624"},{"taxonomy":"listing_facility","embeddable":true,"href":"https:\/\/mediumterm.ch\/de\/wp-json\/wp\/v2\/facilities?post=13624"},{"taxonomy":"listing_country","embeddable":true,"href":"https:\/\/mediumterm.ch\/de\/wp-json\/wp\/v2\/listing_countries?post=13624"},{"taxonomy":"listing_state","embeddable":true,"href":"https:\/\/mediumterm.ch\/de\/wp-json\/wp\/v2\/listing_states?post=13624"},{"taxonomy":"listing_city","embeddable":true,"href":"https:\/\/mediumterm.ch\/de\/wp-json\/wp\/v2\/listing_cities?post=13624"},{"taxonomy":"listing_area","embeddable":true,"href":"https:\/\/mediumterm.ch\/de\/wp-json\/wp\/v2\/listing_areas?post=13624"}],"curies":[{"name":"wp","href":"https:\/\/api.w.org\/{rel}","templated":true}]}}