{"id":13628,"date":"2026-08-10T14:04:00","date_gmt":"2026-08-10T14:04:00","guid":{"rendered":"https:\/\/mediumterm.ch\/listing\/76-the-lake-house-venere\/"},"modified":"2026-09-01T01:03:46","modified_gmt":"2026-09-01T01:03:46","slug":"76-the-lake-house-venere","status":"publish","type":"listing","link":"https:\/\/mediumterm.ch\/de\/listing\/76-the-lake-house-venere\/","title":{"rendered":"76 The Lake House Venere"},"content":{"rendered":"<p>Entspannen Sie auf einem privaten Balkon mit Blick auf den Luganersee! Dieses luftige Apartment im 3. Stock (mit Aufzug) bietet Platz f\u00fcr bis zu 4 Personen. Das zweiseitig ausgerichtete Apartment verf\u00fcgt \u00fcber eine ger\u00e4umige private Terrasse, auf der die G\u00e4ste ihre ruhige Umgebung genie\u00dfen k\u00f6nnen. Es ist der ideale Feriensitz f\u00fcr alle Altersgruppen.<\/p>\n<p>Der Wohn- und Essbereich bietet dank zwei Fl\u00fcgelt\u00fcren einen herrlichen Blick auf den Luganersee und die dahinter liegenden Berge. Der Raum ist mit einem Sofa, einem Flachbildfernseher und einem Esstisch f\u00fcr 4 Personen ausgestattet. Die separate K\u00fcche ist komplett mit einem Induktionskochfeld, einem Backofen, einem Geschirrsp\u00fcler, einer K\u00fchl-Gefrierkombination, einem Toaster und einer Nespresso-Kaffeemaschine ausgestattet. Es gibt auch einen Esstisch f\u00fcr zwanglose Mahlzeiten.<\/p>\n<p>G\u00e4ste haben Zugang zu einem gemeinschaftlichen Garten am Seeufer. Dort finden sie Sonnenliegen sowie Tische und St\u00fchle f\u00fcr Mahlzeiten im Freien.<\/p>\n<p>Schlafen<br \/>\nSchlafzimmer: Das Hauptschlafzimmer verf\u00fcgt \u00fcber ein Doppelbett, einen Kleiderschrank und einen Laptop-freundlichen Schreibtisch.<br \/>\nExtra: Das Sofa im Wohnzimmer l\u00e4sst sich in ein bequemes Doppelbett umwandeln.<\/p>\n<p>Badezimmer<br \/>\nDas attraktive geflieste Badezimmer verf\u00fcgt \u00fcber ein Vollbad mit Dusche, Waschbecken, Bidet und WC.<\/p>\n<p>Zus\u00e4tzlich<br \/>\n\u2022 Kostenloses WLAN \u2022 Gemeinsamer Garten \u2022 Au\u00dfenbereich zum Essen \u2022 Aufzug \u2022 Klimaanlage \u2022 Zentralheizung \u2022 Smart-TV \u2022 Waschmaschine (zur gemeinschaftlichen Nutzung) \u2022 Laptop-freundlicher Arbeitsplatz \u2022 Haartrockner \u2022 Privatparkplatz f\u00fcr 1 Auto, ein Auto wird empfohlen \u2022 Haustiere erlaubt \u2022 Check-in ab 16:00 Uhr, Check-out vor 10:00 Uhr \u2022 500 \u20ac Kaution f\u00fcr Gruppen unter 21 Jahren.<\/p>\n<p>Standort<br \/>\nDie Wohnung liegt gegen\u00fcber dem Ufer des Luganersees, nur 2 Fahrminuten vom Zentrum von Melide entfernt. Die Stadt liegt in einer spektakul\u00e4ren Umgebung, am Fu\u00df steiler, bewaldeter H\u00fcgel und am Ende eines Dammes \u00fcber den Luganersee. Hier finden G\u00e4ste einen Supermarkt und andere Annehmlichkeiten sowie Str\u00e4nde zum Schwimmen im See und Promenaden am Seeufer. Sie ist vor allem f\u00fcr Swissminiatur bekannt, ein Modelldorf mit allen ber\u00fchmten Sehensw\u00fcrdigkeiten der Schweiz. Es ist ein toller Tagesausflug f\u00fcr die ganze Familie.<\/p>\n<p>Die Piazza della Riforma ist das Herz von Lugano (13 Autominuten entfernt) und der ideale Ort f\u00fcr einen Aperitif oder Espresso, w\u00e4hrend man das Treiben beobachtet. Die Stadt Lugano ist bekannt f\u00fcr ihr reiches kulturelles Erbe. Sie beherbergt zahlreiche Museen und Galerien. Eines der beliebtesten ist das MASI (Museum f\u00fcr Kunst der italienischen Schweiz) (11 Autominuten entfernt), in dem regelm\u00e4\u00dfig Ausstellungen zeitgen\u00f6ssischer Kunst stattfinden.  <\/p>\n<p>Der Parco San Grato (16 Autominuten entfernt), hoch oben in den H\u00fcgeln, bietet Besuchern die M\u00f6glichkeit, in die Natur einzutauchen, mit wundersch\u00f6nen Themenwanderungen und atemberaubenden Aussichten \u00fcber den See. Es gibt viel f\u00fcr Kinder zu tun, darunter handgefertigte Schaukeln, einen Spielplatz und spezielle Sternenbeobachtungsabende.<\/p>\n<p>Die n\u00e4chstgelegenen internationalen Flugh\u00e4fen befinden sich in Italien \u2013 Mailand-Malpensa, 50 Autominuten entfernt, oder Mailand-Linate, eine 1 Stunde und 10 Minuten entfernt.<\/p>","protected":false},"excerpt":{"rendered":"<p>Relax on a private balcony overlooking Lake Lugano! This airy, 3rd-floor (with lift) apartment sleeps up to 4 people. The dual-aspect apartment has a spacious private terrace where guests can enjoy their tranquil surroundings. It is the ideal holiday base for all ages. The living\/dining area offers magnificent views of Lake Lugano and the mountains [&hellip;]<\/p>\n","protected":false},"author":30,"featured_media":14640,"parent":0,"menu_order":0,"template":"","listing_type":[62],"room_type":[254],"amenities":[1172,1195,1192,1148,1183,1182,1179,1205,1186,1150,1189,1196,1165,1188,1152,1143,1190,1147],"facilities":[1101,1126,1103,1106],"listing_countries":[1024],"listing_states":[1070],"listing_cities":[1054],"listing_areas":[],"class_list":["post-13628","listing","type-listing","status-publish","has-post-thumbnail","hentry","listing_type-apartment","room_type-entire-place","listing_amenity-air-conditioning","listing_amenity-coffee-machine","listing_amenity-dishwasher","listing_amenity-free-wifi","listing_amenity-freezer","listing_amenity-fridge","listing_amenity-full-kitchen","listing_amenity-hair-dryer","listing_amenity-induction-hob","listing_amenity-laptop-friendly-workspace","listing_amenity-microwave","listing_amenity-nespresso-machine","listing_amenity-outdoor-table-chairs","listing_amenity-oven","listing_amenity-smart-tv","listing_amenity-smoking-not-permitted","listing_amenity-toaster","listing_amenity-wifi","listing_facility-elevator","listing_facility-lake-view","listing_facility-private-parking-space","listing_facility-shared-garden","listing_country-switzerland","listing_state-ticino","listing_city-melide"],"_links":{"self":[{"href":"https:\/\/mediumterm.ch\/de\/wp-json\/wp\/v2\/listings\/13628","targetHints":{"allow":["GET"]}}],"collection":[{"href":"https:\/\/mediumterm.ch\/de\/wp-json\/wp\/v2\/listings"}],"about":[{"href":"https:\/\/mediumterm.ch\/de\/wp-json\/wp\/v2\/types\/listing"}],"author":[{"embeddable":true,"href":"https:\/\/mediumterm.ch\/de\/wp-json\/wp\/v2\/users\/30"}],"version-history":[{"count":1,"href":"https:\/\/mediumterm.ch\/de\/wp-json\/wp\/v2\/listings\/13628\/revisions"}],"predecessor-version":[{"id":13672,"href":"https:\/\/mediumterm.ch\/de\/wp-json\/wp\/v2\/listings\/13628\/revisions\/13672"}],"wp:featuredmedia":[{"embeddable":true,"href":"https:\/\/mediumterm.ch\/de\/wp-json\/wp\/v2\/media\/14640"}],"wp:attachment":[{"href":"https:\/\/mediumterm.ch\/de\/wp-json\/wp\/v2\/media?parent=13628"}],"wp:term":[{"taxonomy":"listing_type","embeddable":true,"href":"https:\/\/mediumterm.ch\/de\/wp-json\/wp\/v2\/listing_type?post=13628"},{"taxonomy":"room_type","embeddable":true,"href":"https:\/\/mediumterm.ch\/de\/wp-json\/wp\/v2\/room_type?post=13628"},{"taxonomy":"listing_amenity","embeddable":true,"href":"https:\/\/mediumterm.ch\/de\/wp-json\/wp\/v2\/amenities?post=13628"},{"taxonomy":"listing_facility","embeddable":true,"href":"https:\/\/mediumterm.ch\/de\/wp-json\/wp\/v2\/facilities?post=13628"},{"taxonomy":"listing_country","embeddable":true,"href":"https:\/\/mediumterm.ch\/de\/wp-json\/wp\/v2\/listing_countries?post=13628"},{"taxonomy":"listing_state","embeddable":true,"href":"https:\/\/mediumterm.ch\/de\/wp-json\/wp\/v2\/listing_states?post=13628"},{"taxonomy":"listing_city","embeddable":true,"href":"https:\/\/mediumterm.ch\/de\/wp-json\/wp\/v2\/listing_cities?post=13628"},{"taxonomy":"listing_area","embeddable":true,"href":"https:\/\/mediumterm.ch\/de\/wp-json\/wp\/v2\/listing_areas?post=13628"}],"curies":[{"name":"wp","href":"https:\/\/api.w.org\/{rel}","templated":true}]}}