{"id":6324,"date":"2025-09-11T02:43:58","date_gmt":"2025-09-11T02:43:58","guid":{"rendered":"https:\/\/dev.mediumterm.ch\/\/listing\/casa-al-bosco-with-pool\/"},"modified":"2026-09-01T01:01:31","modified_gmt":"2026-09-01T01:01:31","slug":"casa-al-bosco-with-pool","status":"publish","type":"listing","link":"https:\/\/mediumterm.ch\/de\/listing\/casa-al-bosco-with-pool\/","title":{"rendered":"Casa Al Bosco mit Pool"},"content":{"rendered":"<p>Atemberaubende See-Berg-Panoramen und eine gem\u00fctliche Innenausstattung machen diese Ferienwohnung perfekt f\u00fcr einen erholsamen St\u00e4dtetrip in Aldesago!<\/p>\n<p>Nur einen Steinwurf von der Standseilbahn Aldesago entfernt, ist die 2-Zimmer-Terrassen-Ferienwohnung f\u00fcr 4 Personen ideal, um den Luganersee und seine sch\u00f6nen St\u00e4dte und Regionen zu erkunden. Innerhalb von 10-15 Autominuten erreichen Sie das Zentrum von Lugano, den Oliven- und Gandria-Wanderweg sowie den sonnigsten Gipfel des Tessins, den Monte Br\u00e8. <\/p>\n<p>Die zentral beheizte Ferienwohnung befindet sich im ersten Stock und ist mit dem Aufzug erreichbar. Ein gemeinschaftlicher Swimmingpool und eine Sauna sowie ein privater Essbereich im Freien mit herrlicher Aussicht sorgen f\u00fcr absolute Momente des Komforts, des Spa\u00dfes und der Entspannung. Im Inneren verf\u00fcgt das Wohnzimmer der Ferienwohnung \u00fcber Panoramafenster, um die reizvolle Umgebung optimal zu genie\u00dfen, und ist mit Sofas, einem Flachbildfernseher und einem Esstisch ausgestattet. Ein Geschirrsp\u00fcler, eine Mikrowelle, ein Backofen und ein K\u00fchlschrank mit Gefrierfach stehen Ihnen f\u00fcr einen unbeschwerten Aufenthalt zur Verf\u00fcgung!<\/p>\n<p>Schlafen<\/p>\n<p>Schlafzimmer 1: Ein gem\u00fctliches Zweibettzimmer mit 2 Einzelbetten und einem Fenster f\u00fcr gute Bel\u00fcftung.<br \/>\nSchlafzimmer 2: Ein helles Doppelzimmer mit einem gro\u00dfen Fenster und einem Kleiderschrank.<\/p>\n<p>Badezimmer<\/p>\n<p>Badezimmer 1: Das Vollbad verf\u00fcgt \u00fcber eine Badewanne mit Dusche und WC.<br \/>\nBadezimmer 2: Das moderne und helle Marmorbadezimmer verf\u00fcgt \u00fcber eine Dusche, ein Waschbecken und ein WC.<\/p>\n<p>Zus\u00e4tzlich <\/p>\n<p>\u2022 Mobiles WLAN (kostenpflichtig) \u2022 Kinderfreundlich \u2022 Zentralheizung \u2022 Gemeinschaftspool \u2022 Privatparkplatz \u2022 Gemeinsame Waschmaschine und Trockner \u2022 Kostenpflichtige W\u00e4schem\u00f6glichkeiten (gemeinschaftlich) \u2022 Haartrockner \u2022 Haustiere auf Anfrage erlaubt \u2022 Nespresso-Maschine \u2022 Wasserkocher \u2022 Toaster \u2022 Gemeinsame Sauna<\/p>\n<p>Bitte beachten Sie:<\/p>\n<p>Die H\u00f6he der Garage betr\u00e4gt 2,06 m und es ist kein Lichtsensor vorhanden. Die Garage befindet sich auf der rechten Seite, und es wird empfohlen, beide Garagen zu \u00f6ffnen, in der linken Garage vorw\u00e4rts einzufahren, geradeaus zur\u00fcckzusetzen und dann r\u00fcckw\u00e4rts in die andere Garage (auf der rechten Seite) einzufahren. Dieses Vorgehen wird dringend empfohlen, wenn das Auto l\u00e4nger als ein Kleinwagen ist.<\/p>\n<p>Der Pool wird von 12 Wohnungen gemeinsam genutzt.<\/p>\n<p>Standort <\/p>\n<p>Die Ferienwohnung liegt nur 10 Gehminuten von der Standseilbahn von Aldesago entfernt. Sie befindet sich zudem in der N\u00e4he der Standseilbahn, die Sie auf den sonnigsten Gipfel mit herrlichen Terrassenrestaurants zum Verweilen und unvergesslichen Panoramen des Luganersees bringt.<\/p>\n<p>Das Zentrum von Lugano mit dem Parco Ciani, der ikonischen Piazza della Riforma, dem Trenino Turistico, dem Casino von Lugano und einer gro\u00dfen Auswahl an Diskotheken ist nur eine 15-min\u00fctige Autofahrt von der Ferienwohnung entfernt. Wer jedoch abseits der Menschenmassen entspannen m\u00f6chte, f\u00fcr den sind das Lido San Domenico und der Olivenweg f\u00fcr Seewanderungen ebenfalls nur 15 Minuten entfernt!<\/p>\n<p>F\u00fcr Tagesausfl\u00fcge k\u00f6nnen G\u00e4ste nach Montagnola fahren und das Hermann-Hesse-Museum besuchen, wenn sie Literaturfans sind. G\u00e4ste k\u00f6nnen auch das sch\u00f6nste Dorf der Schweiz, Morcote, besuchen, das von hier aus in etwa 40 Autominuten erreichbar ist. Der n\u00e4chstgelegene internationale Flughafen ist Mailand-Malpensa, etwa 70 Autominuten von dieser Ferienwohnung in Aldesago entfernt.<\/p>","protected":false},"excerpt":{"rendered":"<p>Stunning lake-mountain panoramas and cosy interiors make this holiday apartment perfect for a relaxing city break in Aldesago! Located just a stone\u2019s throw from the Aldesago funicular, the 2-bedroom terrace holiday apartment for 4 is ideal to explore Lake Lugano and its beautiful towns and areas. Within a 10-15 minute drive, you can visit Lugano [&hellip;]<\/p>\n","protected":false},"author":30,"featured_media":8729,"parent":0,"menu_order":0,"template":"","listing_type":[62],"room_type":[254],"amenities":[1195,1185,1192,1191,1148,1183,1182,1179,1205,1189,1196,1164,1188,1136,1169,1139,1143,1163,1190,1151,1171,1204,1203,1147],"facilities":[1101,1102,1078,1080,1093,1126,1103,1084,1076],"listing_countries":[1024],"listing_states":[1023,1070],"listing_cities":[1071],"listing_areas":[1256],"class_list":["post-6324","listing","type-listing","status-publish","has-post-thumbnail","hentry","listing_type-apartment","room_type-entire-place","listing_amenity-coffee-machine","listing_amenity-cooker-hob","listing_amenity-dishwasher","listing_amenity-electric-kettle","listing_amenity-free-wifi","listing_amenity-freezer","listing_amenity-fridge","listing_amenity-full-kitchen","listing_amenity-hair-dryer","listing_amenity-microwave","listing_amenity-nespresso-machine","listing_amenity-outdoor-dining-area","listing_amenity-oven","listing_amenity-pets-possible","listing_amenity-quiet-area","listing_amenity-small-dog-allowed","listing_amenity-smoking-not-permitted","listing_amenity-terrace","listing_amenity-toaster","listing_amenity-tv","listing_amenity-very-sunny-position","listing_amenity-washer-dryer","listing_amenity-washing-machine","listing_amenity-wifi","listing_facility-elevator","listing_facility-garage","listing_facility-indoor-pool","listing_facility-indoor-pool-new","listing_facility-indoor-shared-pool","listing_facility-lake-view","listing_facility-private-parking-space","listing_facility-sauna","listing_facility-shared-pool","listing_country-switzerland","listing_state-distretto-di-lugano","listing_state-ticino","listing_city-aldesago-lugano","listing_area-albonago"],"_links":{"self":[{"href":"https:\/\/mediumterm.ch\/de\/wp-json\/wp\/v2\/listings\/6324","targetHints":{"allow":["GET"]}}],"collection":[{"href":"https:\/\/mediumterm.ch\/de\/wp-json\/wp\/v2\/listings"}],"about":[{"href":"https:\/\/mediumterm.ch\/de\/wp-json\/wp\/v2\/types\/listing"}],"author":[{"embeddable":true,"href":"https:\/\/mediumterm.ch\/de\/wp-json\/wp\/v2\/users\/30"}],"version-history":[{"count":6,"href":"https:\/\/mediumterm.ch\/de\/wp-json\/wp\/v2\/listings\/6324\/revisions"}],"predecessor-version":[{"id":13534,"href":"https:\/\/mediumterm.ch\/de\/wp-json\/wp\/v2\/listings\/6324\/revisions\/13534"}],"wp:featuredmedia":[{"embeddable":true,"href":"https:\/\/mediumterm.ch\/de\/wp-json\/wp\/v2\/media\/8729"}],"wp:attachment":[{"href":"https:\/\/mediumterm.ch\/de\/wp-json\/wp\/v2\/media?parent=6324"}],"wp:term":[{"taxonomy":"listing_type","embeddable":true,"href":"https:\/\/mediumterm.ch\/de\/wp-json\/wp\/v2\/listing_type?post=6324"},{"taxonomy":"room_type","embeddable":true,"href":"https:\/\/mediumterm.ch\/de\/wp-json\/wp\/v2\/room_type?post=6324"},{"taxonomy":"listing_amenity","embeddable":true,"href":"https:\/\/mediumterm.ch\/de\/wp-json\/wp\/v2\/amenities?post=6324"},{"taxonomy":"listing_facility","embeddable":true,"href":"https:\/\/mediumterm.ch\/de\/wp-json\/wp\/v2\/facilities?post=6324"},{"taxonomy":"listing_country","embeddable":true,"href":"https:\/\/mediumterm.ch\/de\/wp-json\/wp\/v2\/listing_countries?post=6324"},{"taxonomy":"listing_state","embeddable":true,"href":"https:\/\/mediumterm.ch\/de\/wp-json\/wp\/v2\/listing_states?post=6324"},{"taxonomy":"listing_city","embeddable":true,"href":"https:\/\/mediumterm.ch\/de\/wp-json\/wp\/v2\/listing_cities?post=6324"},{"taxonomy":"listing_area","embeddable":true,"href":"https:\/\/mediumterm.ch\/de\/wp-json\/wp\/v2\/listing_areas?post=6324"}],"curies":[{"name":"wp","href":"https:\/\/api.w.org\/{rel}","templated":true}]}}