{"id":13624,"date":"2026-08-10T14:03:54","date_gmt":"2026-08-10T14:03:54","guid":{"rendered":"https:\/\/mediumterm.ch\/listing\/76-the-lake-house-luna\/"},"modified":"2026-09-01T00:03:37","modified_gmt":"2026-09-01T00:03:37","slug":"76-the-lake-house-luna","status":"publish","type":"listing","link":"https:\/\/mediumterm.ch\/fr\/listing\/76-the-lake-house-luna\/","title":{"rendered":"76 The Lake House Luna"},"content":{"rendered":"<p>Profitez des vues panoramiques sur le lac de Lugano depuis cet appartement lumineux pour 6 personnes. Situ\u00e9 au sud de la charmante ville de Melide, cet appartement au premier \u00e9tage constitue une merveilleuse escapade de vacances pour les amis et la famille qui souhaitent se d\u00e9tendre et explorer cette belle r\u00e9gion.<\/p>\n<p>L'appartement \u00e9l\u00e9gant et contemporain est spacieux et lumineux gr\u00e2ce aux grandes fen\u00eatres qui font entrer les vues panoramiques sur le lac et les montagnes. L'\u00e9l\u00e9gant salon d\u00e9cloisonn\u00e9 est meubl\u00e9 d'un canap\u00e9, d'une t\u00e9l\u00e9vision \u00e0 \u00e9cran plat et d'une table \u00e0 manger. La cuisine \u00e9l\u00e9gante se trouve \u00e0 l'arri\u00e8re de la pi\u00e8ce et est \u00e9quip\u00e9e d'une plaque \u00e0 induction, d'un four, d'un lave-vaisselle, d'un r\u00e9frigerateur-cong\u00e9lateur, d'un grille-pain et d'une machine \u00e0 caf\u00e9 Nespresso.<\/p>\n<p>Des portes vitr\u00e9es s'ouvrent sur le balcon priv\u00e9 meubl\u00e9 d'une table et de chaises de style caf\u00e9. De l\u00e0, les clients peuvent admirer leur cadre \u00e9poustouflant : le lac bleu scintillant et les montagnes sauvages de l'autre c\u00f4t\u00e9.<\/p>\n<p>Les clients ont acc\u00e8s \u00e0 un jardin commun au bord du lac. Ils y trouveront des chaises longues, ainsi que des tables et des chaises pour les repas en plein air.<\/p>\n<p>Dormir<br \/>\nChambre 1 : La lumineuse chambre principale dispose d'un lit double, de nombreux placards et de portes-fen\u00eatres qui s'ouvrent sur le balcon priv\u00e9 surplombant le lac.<br \/>\nChambre 2 : Cette chambre confortable est meubl\u00e9e de deux lits simples, d'un espace de travail adapt\u00e9 aux ordinateurs portables et d'une armoire.<br \/>\nSuppl\u00e9ment : Le canap\u00e9 du salon se transforme en un lit double confortable.<\/p>\n<p>Salle de bains<br \/>\nLa salle de bains moderne et carrel\u00e9e comprend une douche en verre, un lavabo, un bidet et des WC.<\/p>\n<p>Suppl\u00e9mentaire<br \/>\n\u2022 Wifi gratuit \u2022 Jardin partag\u00e9 \u2022 Espace repas ext\u00e9rieur (partag\u00e9) \u2022 Ascenseur \u2022 Climatisation \u2022 Chauffage central \u2022 T\u00e9l\u00e9vision connect\u00e9e \u2022 Lave-linge (partag\u00e9) \u2022 Espace de travail adapt\u00e9 aux ordinateurs portables \u2022 S\u00e8che-cheveux \u2022 Parking priv\u00e9 pour 1 voiture, une voiture est recommand\u00e9e \u2022 Animaux admis \u2022 Arriv\u00e9e \u00e0 partir de 16h00, d\u00e9part avant 10h00 \u2022 D\u00e9p\u00f4t de garantie de 500 \u20ac pour les groupes de moins de 21 ans.<\/p>\n<p>Localisation<br \/>\nL'appartement se trouve de l'autre c\u00f4t\u00e9 de la route par rapport aux rives du lac de Lugano, \u00e0 seulement 2 minutes en voiture du centre de Melide. La ville b\u00e9n\u00e9ficie d'un cadre spectaculaire, au pied de collines escarp\u00e9es et bois\u00e9es et \u00e0 l'extr\u00e9mit\u00e9 d'une jet\u00e9e traversant le lac de Lugano. Vous y trouverez un supermarch\u00e9 et d'autres commodit\u00e9s, ainsi que des plages pour vous baigner dans le lac et des promenades le long de ses rives. Elle est surtout connue pour Swissminiatur, un village miniature pr\u00e9sentant tous les monuments les plus c\u00e9l\u00e8bres de la Suisse. C'est une excellente sortie pour toute la famille.<\/p>\n<p>La Piazza della Riforma est le c\u0153ur de Lugano (\u00e0 13 minutes en voiture) et l'endroit id\u00e9al pour prendre un ap\u00e9ritif ou un espresso tout en regardant le monde passer. La ville de Lugano est r\u00e9put\u00e9e pour son riche patrimoine culturel. Elle abrite de nombreux mus\u00e9es et galeries. L'un des plus populaires est le MASI (Mus\u00e9e d'art de la Suisse italienne) (\u00e0 11 minutes en voiture), qui accueille r\u00e9guli\u00e8rement des expositions d'art contemporain.  <\/p>\n<p>Le Parco San Grato (\u00e0 16 minutes de route), situ\u00e9 dans les hauteurs, offre aux visiteurs la possibilit\u00e9 de s'immiscer dans la nature, avec de magnifiques randonn\u00e9es th\u00e9matiques et des vues imprenables sur le lac. Il y a beaucoup d'activit\u00e9s pour les enfants, notamment des balan\u00e7oires artisanales, une aire de jeux et des soir\u00e9es sp\u00e9ciales d'observation des \u00e9toiles.<\/p>\n<p>Les a\u00e9roports internationaux les plus proches se trouvent en Italie : Milan Malpensa \u00e0 50 minutes en voiture, ou Milan Linate, \u00e0 1 heure et 10 minutes de trajet.<\/p>","protected":false},"excerpt":{"rendered":"<p>Soak up the panoramic views of Lake Lugano, from this airy apartment for 6. To the south of the charming town of Melide, the first-floor apartment makes a wonderful holiday retreat for friends and family who want to relax and explore this beautiful area. The stylish, contemporary apartment is airy and bright thanks to the [&hellip;]<\/p>\n","protected":false},"author":30,"featured_media":14528,"parent":0,"menu_order":0,"template":"","listing_type":[62],"room_type":[254],"amenities":[1172,1195,1192,1148,1183,1182,1179,1205,1186,1150,1196,1165,1188,1152,1143,1190,1147],"facilities":[1101,1126,1103,1106],"listing_countries":[1024],"listing_states":[1070],"listing_cities":[1054],"listing_areas":[],"class_list":["post-13624","listing","type-listing","status-publish","has-post-thumbnail","hentry","listing_type-apartment","room_type-entire-place","listing_amenity-air-conditioning","listing_amenity-coffee-machine","listing_amenity-dishwasher","listing_amenity-free-wifi","listing_amenity-freezer","listing_amenity-fridge","listing_amenity-full-kitchen","listing_amenity-hair-dryer","listing_amenity-induction-hob","listing_amenity-laptop-friendly-workspace","listing_amenity-nespresso-machine","listing_amenity-outdoor-table-chairs","listing_amenity-oven","listing_amenity-smart-tv","listing_amenity-smoking-not-permitted","listing_amenity-toaster","listing_amenity-wifi","listing_facility-elevator","listing_facility-lake-view","listing_facility-private-parking-space","listing_facility-shared-garden","listing_country-switzerland","listing_state-ticino","listing_city-melide"],"_links":{"self":[{"href":"https:\/\/mediumterm.ch\/fr\/wp-json\/wp\/v2\/listings\/13624","targetHints":{"allow":["GET"]}}],"collection":[{"href":"https:\/\/mediumterm.ch\/fr\/wp-json\/wp\/v2\/listings"}],"about":[{"href":"https:\/\/mediumterm.ch\/fr\/wp-json\/wp\/v2\/types\/listing"}],"author":[{"embeddable":true,"href":"https:\/\/mediumterm.ch\/fr\/wp-json\/wp\/v2\/users\/30"}],"version-history":[{"count":1,"href":"https:\/\/mediumterm.ch\/fr\/wp-json\/wp\/v2\/listings\/13624\/revisions"}],"predecessor-version":[{"id":13668,"href":"https:\/\/mediumterm.ch\/fr\/wp-json\/wp\/v2\/listings\/13624\/revisions\/13668"}],"wp:featuredmedia":[{"embeddable":true,"href":"https:\/\/mediumterm.ch\/fr\/wp-json\/wp\/v2\/media\/14528"}],"wp:attachment":[{"href":"https:\/\/mediumterm.ch\/fr\/wp-json\/wp\/v2\/media?parent=13624"}],"wp:term":[{"taxonomy":"listing_type","embeddable":true,"href":"https:\/\/mediumterm.ch\/fr\/wp-json\/wp\/v2\/listing_type?post=13624"},{"taxonomy":"room_type","embeddable":true,"href":"https:\/\/mediumterm.ch\/fr\/wp-json\/wp\/v2\/room_type?post=13624"},{"taxonomy":"listing_amenity","embeddable":true,"href":"https:\/\/mediumterm.ch\/fr\/wp-json\/wp\/v2\/amenities?post=13624"},{"taxonomy":"listing_facility","embeddable":true,"href":"https:\/\/mediumterm.ch\/fr\/wp-json\/wp\/v2\/facilities?post=13624"},{"taxonomy":"listing_country","embeddable":true,"href":"https:\/\/mediumterm.ch\/fr\/wp-json\/wp\/v2\/listing_countries?post=13624"},{"taxonomy":"listing_state","embeddable":true,"href":"https:\/\/mediumterm.ch\/fr\/wp-json\/wp\/v2\/listing_states?post=13624"},{"taxonomy":"listing_city","embeddable":true,"href":"https:\/\/mediumterm.ch\/fr\/wp-json\/wp\/v2\/listing_cities?post=13624"},{"taxonomy":"listing_area","embeddable":true,"href":"https:\/\/mediumterm.ch\/fr\/wp-json\/wp\/v2\/listing_areas?post=13624"}],"curies":[{"name":"bien jou\u00e9","href":"https:\/\/api.w.org\/{rel}","templated":true}]}}